{"id":68,"date":"2012-04-30T15:08:48","date_gmt":"2012-04-30T15:08:48","guid":{"rendered":"http:\/\/www.vocanson-prod.fr\/v3\/?page_id=68"},"modified":"2018-09-23T11:26:56","modified_gmt":"2018-09-23T11:26:56","slug":"team","status":"publish","type":"page","link":"http:\/\/www.vocanson-prod.fr\/v3\/team\/","title":{"rendered":"Un \u00e9tat d&rsquo;esprit, une r\u00e9alisation qualitative&#8230;"},"content":{"rendered":"[twocol_one]Nous sommes plusieurs graphistes freelances exp\u00e9riment\u00e9s qui travaillons ensembles. Notre r\u00e9seau nous permet de faire face aux diff\u00e9rentes demandes des clients. Il peut s&rsquo;agir d&rsquo;<strong>un projet simple<\/strong> pour un seul graphiste comme la cr\u00e9ation d&rsquo;une plaquette, d&rsquo;un logo ou d&rsquo;une illustration. <strong>Les projets plus complexes<\/strong>, comme la r\u00e9alisation de films 3D institutionnels ou publicitaires, n\u00e9cessitent des comp\u00e9tences artistiques et techniques compl\u00e9mentaires impliquant naturellement plusieurs graphistes.<\/p>\n<p>Travailler en r\u00e9seau, c&rsquo;est s&rsquo;unir pour vous offrir le meilleur de notre savoir-faire en terme de r\u00e9alisation qualitative, mais c&rsquo;est aussi vous proposer<strong>\u00a0un \u00e9tat d&rsquo;esprit positif, dynamique et r\u00e9actif<\/strong>. Nous cherchons avant tout \u00e0 travailler avec vous pour <strong>cr\u00e9er et r\u00e9aliser des documents uniques et personnalis\u00e9s<\/strong>. Nous mettons en place un processus de cr\u00e9ation permettant d&rsquo;arriver au document le plus coh\u00e9rent possible par rapport votre entreprise et \u00e0 votre communication. [\/twocol_one] [twocol_one_last]Le dialogue est donc l&rsquo;une des armes les plus efficaces pour aboutir <strong>au bon r\u00e9sultat dans les meilleurs d\u00e9lais<\/strong>. Nous cherchons \u00e0 d\u00e9ployer des \u00e9nergies positives et \u00e0 trouver une entente dynamique autour de vos projets.<\/p>\n<p>Nous vous apportons notre exp\u00e9rience et nos <strong>conseils<\/strong> en mati\u00e8re de design, de nouveaut\u00e9s et de choix graphiques. Nous vous <strong>guidons<\/strong> lors des diff\u00e9rentes \u00e9tapes de r\u00e9alisation. Nous sommes \u00e0 l&rsquo;<strong>\u00e9coute<\/strong> de vos retours et vos demandes de modifications. Nous <strong>affinons<\/strong> ensemble le document pour arriver au r\u00e9sultat final. Nous mettons en place des <strong>processus de suivi<\/strong> pour vous permettre d&rsquo;\u00eatre inform\u00e9 en temps r\u00e9el sur un projet.<\/p>\n<p><strong>Notre \u00e9quipe est un m\u00e9lange de comp\u00e9tences, d&rsquo;apprentissages et d&rsquo;ann\u00e9es d&rsquo;exp\u00e9rience dans le domaine du design et de la visualisation.<\/strong>[\/twocol_one_last][divider_flat]\n[toggle title_open=\u00a0\u00bbJ\u00e9r\u00f4me VOCANSON &#8211; Designer 3Diste freelance\u00a0\u00bb title_closed=\u00a0\u00bbJ\u00e9r\u00f4me VOCANSON &#8211; Designer 3Diste freelance\u00a0\u00bb hide=\u00a0\u00bbno\u00a0\u00bb border=\u00a0\u00bbyes\u00a0\u00bb style=\u00a0\u00bb\u00a0\u00bb excerpt_length=\u00a0\u00bb0&Prime; read_more_text=\u00a0\u00bbEn savoir plus\u00a0\u00bb read_less_text=\u00a0\u00bbFerm\u00e9\u00a0\u00bb include_excerpt_html=\u00a0\u00bbno\u00a0\u00bb]<img decoding=\"async\" loading=\"lazy\" class=\"alignleft\" title=\"J\u00e9r\u00f4me VOCANSON - Designer Freelance\" src=\"http:\/\/www.vocanson-prod.fr\/v3\/images\/equipe\/jerome.jpg\" alt=\"Creation graphique - Communication - Infographie 3D\" width=\"200\" height=\"250\" \/><strong>Comp\u00e9tences :<\/strong><br \/>\nChef de projet &#8211; Cr\u00e9ation d&rsquo;identit\u00e9 visuelle &#8211; Design graphique &#8211; Design produit &#8211; Direction artistique &#8211; Illustration 3D &#8211; R\u00e9alisateur de films institutionnels ou publicitaires &#8211; Web design (Template CMS WordPress) &#8211; Pigiste presse sp\u00e9cialis\u00e9e<\/p>\n<ul>\n<li><strong>N\u00e9 le<\/strong> 06.09.1973<\/li>\n<li><strong>Formation :<\/strong> E.S.D.I. (Bac+5) &#8211; Ecole Sup\u00e9rieure de Design Industriel<\/li>\n<li><strong>Exp\u00e9rience :<\/strong> Ad Hoc Design (Agence de design), Micro\u00efds (Editeur de jeux vid\u00e9os) &#8211; Projets graphiques pour des grands comptes, PMEs, associations et auto-entrepreneurs.<\/li>\n<li><strong>Statut :<\/strong> Freelance (INSEE) depuis 1998 &#8211; Inscrit \u00e0 un centre gestion agr\u00e9\u00e9<\/li>\n<li><strong>N\u00b0 d&rsquo;INSEE :<\/strong> 418 701 199 00014<\/li>\n<li><strong>N\u00b0 de TVA Intracommunautaire :<\/strong> FR72418701199<\/li>\n<\/ul>\n[\/toggle]<div class=\"hrule clearfix\"><\/div>\n<p>Graphistes freelances \u00e9tant intervenus sur des projets<\/p>\n[toggle title_open=\u00a0\u00bbSt\u00e9phane SOMMER &#8211; Designer 3Diste freelance\u00a0\u00bb title_closed=\u00a0\u00bbSt\u00e9phane SOMMER &#8211; Designer 3Diste freelance\u00a0\u00bb hide=\u00a0\u00bbyes\u00a0\u00bb border=\u00a0\u00bbyes\u00a0\u00bb style=\u00a0\u00bb\u00a0\u00bb excerpt_length=\u00a0\u00bb0&Prime; read_more_text=\u00a0\u00bbEn savoir plus\u00a0\u00bb read_less_text=\u00a0\u00bbFerm\u00e9\u00a0\u00bb include_excerpt_html=\u00a0\u00bbno\u00a0\u00bb]<img decoding=\"async\" loading=\"lazy\" class=\"alignleft\" title=\"St\u00e9phane SOMMER - Designer freelance\" src=\"http:\/\/www.vocanson-prod.fr\/v3\/images\/equipe\/stephane.jpg\" alt=\"Creation graphique - Communication - Infographie 3D\" width=\"200\" height=\"250\" \/><strong>Comp\u00e9tences :<\/strong><br \/>\nS\u00e9mantique et communication visuelle &#8211; Illustrateur, habillage et effets sp\u00e9ciaux &#8211; Modeling 3D &#8211; Illustrateur 3D &#8211; Web design (Flash et html) &#8211; Designer automobile &#8211; Concept-designer pour le jeu-vid\u00e9o<\/p>\n<ul>\n<li><strong>N\u00e9 le<\/strong> 19.06.1971<\/li>\n<li><strong>Formation :<\/strong> E.S.D.I. et 1 an sup. \u00e0 Strate College<\/li>\n<li><strong>Exp\u00e9rience :<\/strong> Soci\u00e9t\u00e9s de cr\u00e9ation de jeux vid\u00e9os : Shen Technologie, DA chez Delphine Software, Nadeo, Ubisoft<\/li>\n<li><strong>Statut :<\/strong>Alternance Freelance (MdA) \/ Salari\u00e9 depuis 1999 &#8211; Inscrit \u00e0 un centre gestion agr\u00e9\u00e9<strong>Site web :<\/strong> <a title=\"stephanesommer.free.fr\" href=\"http:\/\/stephanesommer.free.fr\" target=\"_blank\">stephanesommer.free.fr<\/a><\/li>\n<\/ul>\n[\/toggle][divider_flat]\n[toggle title_open=\u00a0\u00bbRenaud De Bellefon &#8211; Designer 3Diste freelance\u00a0\u00bb title_closed=\u00a0\u00bbRenaud De Bellefon &#8211; Designer 3Diste freelance\u00a0\u00bb hide=\u00a0\u00bbyes\u00a0\u00bb border=\u00a0\u00bbyes\u00a0\u00bb style=\u00a0\u00bb\u00a0\u00bb excerpt_length=\u00a0\u00bb0&Prime; read_more_text=\u00a0\u00bbEn savoir plus\u00a0\u00bb read_less_text=\u00a0\u00bbFerm\u00e9\u00a0\u00bb include_excerpt_html=\u00a0\u00bbno\u00a0\u00bb]<img decoding=\"async\" loading=\"lazy\" class=\"alignleft\" title=\"Renaud De Bellefon - Designer 3Diste freelance\" src=\"http:\/\/www.vocanson-prod.fr\/v3\/images\/equipe\/renaud.jpg\" alt=\"Creation graphique - Communication - Infographie 3D\" width=\"200\" height=\"250\" \/><strong>Comp\u00e9tences :<\/strong><br \/>\n3D : Conception et animation de personnages,\u00a0 cr\u00e9ation de d\u00e9cors 3D , r\u00e9alisation de cin\u00e9matique et films &#8211; Designer produit &#8211; Pigiste presse sp\u00e9cialis\u00e9e<\/p>\n<ul>\n<li><strong>N\u00e9 le<\/strong> 25.05.1972<\/li>\n<li><strong>Formation :<\/strong> Bac lettres et auto-formation en architecture (AutoCAD &#8211; 3dsMax&#8230;)<\/li>\n<li><strong>Exp\u00e9rience :<\/strong> Ad Hoc Design, Ubisoft, BUF Compagnie, PictoFilm, Artistic Image, Delphine Software Interactive, Montparnasse Multim\u00e9dia<\/li>\n<li><strong>Statut :<\/strong>Alternance Freelance (INSEE) \/Salari\u00e9 depuis 1998 &#8211; Inscrit \u00e0 un centre gestion agr\u00e9\u00e9<strong>Site web :<\/strong> <a title=\"renaud-bellefon.com\" href=\"http:\/\/www.renaud-bellefon.com\" target=\"_blank\">renaud-bellefon.com<\/a><\/li>\n<\/ul>\n[\/toggle][divider_flat]\n[toggle title_open=\u00a0\u00bbJean-Paul Bar\u00e9-Chevais &#8211; Producteur d&rsquo;images\u00a0\u00bb title_closed=\u00a0\u00bbJean-Paul Bar\u00e9-Chevais &#8211; Producteur d&rsquo;Images\u00a0\u00bb hide=\u00a0\u00bbyes\u00a0\u00bb border=\u00a0\u00bbyes\u00a0\u00bb style=\u00a0\u00bb\u00a0\u00bb excerpt_length=\u00a0\u00bb0&Prime; read_more_text=\u00a0\u00bbEn savoir plus\u00a0\u00bb read_less_text=\u00a0\u00bbFerm\u00e9\u00a0\u00bb include_excerpt_html=\u00a0\u00bbno\u00a0\u00bb]<img decoding=\"async\" loading=\"lazy\" class=\"alignleft\" title=\"Jean-Paul Bar\u00e9-Chevais - Producteur d'Images\" src=\"http:\/\/www.vocanson-prod.fr\/v3\/images\/equipe\/barechevais.jpg\" alt=\"Creation graphique - Communication - Infographie 3D\" width=\"200\" height=\"250\" \/><strong>Comp\u00e9tences :<\/strong><br \/>\nSp\u00e9cialiste Presse &#8211; Cr\u00e9ateur et producteur d&rsquo;images de synth\u00e8se en 2 et 3D (Architecture) &#8211; Contenu \u00e9ditorial et corrections<\/p>\n<ul>\n<li><strong>N\u00e9 le<\/strong> 27.12.1949<\/li>\n<li><strong>Formation :<\/strong> Bac lettres et auto-formation en architecture (AutoCAD &#8211; 3dsMax&#8230;)<\/li>\n<li><strong>Exp\u00e9rience :<\/strong> La Nouvelle R\u00e9publique du Centre-Ouest &#8211; Europe1 &#8211; Formules Presse &#8211; Teck &#8211; Canal+<\/li>\n<li><strong>Statut :<\/strong>Alternance Freelance (INSEE) \/ Journaliste depuis 1994<strong><\/strong><\/li>\n<\/ul>\n[\/toggle]<div class=\"hrule clearfix\"><\/div>\n","protected":false},"excerpt":{"rendered":"<p>[twocol_one]Nous sommes plusieurs graphistes freelances exp\u00e9riment\u00e9s qui travaillons ensembles. Notre r\u00e9seau nous permet de faire face aux diff\u00e9rentes demandes des clients. Il peut s&rsquo;agir d&rsquo;un projet simple pour un seul graphiste comme la cr\u00e9ation d&rsquo;une plaquette, d&rsquo;un logo ou d&rsquo;une &hellip; <a class=\"kt-excerpt-readmore more-link\" href=\"http:\/\/www.vocanson-prod.fr\/v3\/team\/\">Read More<\/a><\/p>\n","protected":false},"author":2,"featured_media":0,"parent":0,"menu_order":0,"comment_status":"closed","ping_status":"open","template":"","meta":{"kt_blocks_editor_width":"","_monsterinsights_skip_tracking":false,"_monsterinsights_sitenote_active":false,"_monsterinsights_sitenote_note":"","_monsterinsights_sitenote_category":0},"_links":{"self":[{"href":"http:\/\/www.vocanson-prod.fr\/v3\/wp-json\/wp\/v2\/pages\/68"}],"collection":[{"href":"http:\/\/www.vocanson-prod.fr\/v3\/wp-json\/wp\/v2\/pages"}],"about":[{"href":"http:\/\/www.vocanson-prod.fr\/v3\/wp-json\/wp\/v2\/types\/page"}],"author":[{"embeddable":true,"href":"http:\/\/www.vocanson-prod.fr\/v3\/wp-json\/wp\/v2\/users\/2"}],"replies":[{"embeddable":true,"href":"http:\/\/www.vocanson-prod.fr\/v3\/wp-json\/wp\/v2\/comments?post=68"}],"version-history":[{"count":6,"href":"http:\/\/www.vocanson-prod.fr\/v3\/wp-json\/wp\/v2\/pages\/68\/revisions"}],"predecessor-version":[{"id":11462,"href":"http:\/\/www.vocanson-prod.fr\/v3\/wp-json\/wp\/v2\/pages\/68\/revisions\/11462"}],"wp:attachment":[{"href":"http:\/\/www.vocanson-prod.fr\/v3\/wp-json\/wp\/v2\/media?parent=68"}],"curies":[{"name":"wp","href":"https:\/\/api.w.org\/{rel}","templated":true}]}}